{"id":829,"date":"2024-09-03T14:27:32","date_gmt":"2024-09-03T12:27:32","guid":{"rendered":"https:\/\/www.msbudovatelu.cz\/?page_id=829"},"modified":"2026-04-20T13:56:46","modified_gmt":"2026-04-20T11:56:46","slug":"aktuality","status":"publish","type":"page","link":"https:\/\/www.msbudovatelu.cz\/index.php\/aktuality\/","title":{"rendered":"Aktuality"},"content":{"rendered":"\n<p><span class=\"has-inline-color has-vivid-red-color\"><strong>2025\/2026<\/strong><\/span><\/p>\n\n\n\n<p><strong>P<\/strong>od\u011bkov\u00e1n\u00ed &#8211; Velk\u00e9 pod\u011bkov\u00e1n\u00ed pat\u0159\u00ed panu <strong>Vladim\u00edru Kube\u0161ovi<\/strong> za kr\u00e1snou knihu <em>Kr\u00e1lovstv\u00ed d\u011bt\u00ed \u2013 D\u011btsk\u00e9 pokoje sn\u016f<\/em>, kterou dostaly a dom\u016f si odnesl\\ v\u0161echny d\u011bti z na\u0161\u00ed M\u0160. Velmi si tohoto mil\u00e9ho daru v\u00e1\u017e\u00edme. \ud83d\udc9b<\/p>\n\n\n\n<p><strong>JARN\u00cd BES\u00cdDKY<\/strong><\/p>\n\n\n\n<p>          1.t\u0159. Ka\u0161p\u00e1rek \u2013 7. kv\u011btna od 14.20 hod.<\/p>\n\n\n\n<p>          2.t\u0159. Pejsek s&nbsp;ko\u010di\u010dka \u2013 13. kv\u011btna od 14.30 hod.<\/p>\n\n\n\n<p>          3.t\u0159. Slun\u00ed\u010dko \u2013 7. kv\u011btna od 14.45 hod.          <\/p>\n\n\n\n<p>          4.t\u0159. Sovi\u010dky \u2013 14. kv\u011btna od 14.30 hod.<\/p>\n\n\n\n<p>          PD \u2013 Kamar\u00e1di \u2013 12. kv\u011btna od 14.30 hod.<\/p>\n\n\n\n<p>          PH \u2013 Pastelky \u2013 6. kv\u011btna od 14.30 hod.<\/p>\n\n\n\n<p>20.4.-24.4.2026 &#8211; L\u00edhnut\u00ed ku\u0159\u00e1tek<\/p>\n\n\n\n<p>16.4.2026 &#8211; Dent\u00e1ln\u00ed hygiena &#8211; projektov\u00fd den t\u0159. Kamar\u00e1di<\/p>\n\n\n\n<p>16.4.2026 &#8211; Zahradnictv\u00ed &#8211; projektov\u00fd den t\u0159. Ka\u0161p\u00e1rek<\/p>\n\n\n\n<p>17.3.2026 &#8211; Robotika Pohoda Cool &#8211; projektov\u00fd den t\u0159. Sovi\u010dky<\/p>\n\n\n\n<p>11.3.2026 &#8211; Den otev\u0159en\u00fdch dve\u0159\u00ed v M\u0160, Hlinsko, Budovatel\u016f 1229<\/p>\n\n\n\n<p>18.2.2026 &#8211; MTU &#8211; Stavitel most\u016f &#8211; projektov\u00fd den &#8211; t\u0159. Kamar\u00e1di<\/p>\n\n\n\n<p>5.2.2026 &#8211; Z\u00e1pis do 1. t\u0159\u00edd Z\u00e1kladn\u00edch \u0161kol v Hlinsku od 10.00 do 16.00 hod.<\/p>\n\n\n\n<p>28.1.2026 &#8211; Pohybov\u00e9 studio Slun\u00ed\u010dko v MFC &#8211; t\u0159. Ka\u0161p\u00e1rek, Sovi\u010dky, Slun\u00ed\u010dko<\/p>\n\n\n\n<p>21.1.2026 &#8211; Vesel\u00e1 v\u011bda (voda) &#8211; projektov\u00fd den t\u0159. Pastelky<\/p>\n\n\n\n<p>20.1.2026 &#8211; Glitr &#8211; projektov\u00fd den t\u0159. Ka\u0161p\u00e1rek, Sovi\u010dky<\/p>\n\n\n\n<p>LY\u017dOV\u00c1N\u00cd SKIFANATIC &#8211; 7.45 &#8211; 11.25 pro p\u0159ihl\u00e1\u0161en\u00e9 &#8211; 9.1., 16.1., 23.1., 30.1.<\/p>\n\n\n\n<p><strong>Uzav\u0159en\u00ed M\u0160 o V\u00e1no\u010dn\u00edch pr\u00e1zdnin\u00e1ch<\/strong> od 22.12.2025 do 2.1.2026 &#8211; provoz od 5.1.2026<\/p>\n\n\n\n<p><strong>V\u00c1NO\u010cN\u00cd BES\u00cdDKY<\/strong>        <\/p>\n\n\n\n<p>          <strong>12.12.2025 od 14.30 hod. t\u0159. SOVI\u010cKY<\/strong><\/p>\n\n\n\n<p>          <strong>11.12.2025 od 14.30 hod. t\u0159. PEJSEK A KO\u010cI\u010cKA<\/strong><\/p>\n\n\n\n<p>          <strong>10.12.2025 od 14.40 hod. t\u0159. KAMAR\u00c1DI<\/strong><\/p>\n\n\n\n<p>          <strong>10.12.2025 od 14.20 hod. t\u0159. KA\u0160P\u00c1REK<\/strong>            <\/p>\n\n\n\n<p><strong>            9.12.2025 od 14.30 hod, t\u0159. SLUN\u00cd\u010cKA<\/strong><\/p>\n\n\n\n<p>            <strong>8.12.2025 od 14.30 hod. t\u0159. PASTELKY<\/strong><\/p>\n\n\n\n<p>16.12.2025 &#8211; \u010cert\u00ed kopyto \u2013 Jak va\u0159ily vtipnou ka\u0161i \u2013 cel\u00e1 M\u0160<\/p>\n\n\n\n<p>5.12.2025 &#8211; Mikul\u00e1\u0161sk\u00e1 obch\u016fzka v M\u0160<\/p>\n\n\n\n<p><strong>BRUSLEN\u00cd P\u0158ED\u0160KOL\u00c1K\u016e<\/strong> &#8211; t\u0159. Kamar\u00e1di a Pastelky &#8211; 15.10., 3.12. 2025 a 14.1.2026<\/p>\n\n\n\n<p><strong>BRUSLEN\u00cd P\u0158ED\u0160KOL\u00c1K\u016e<\/strong> &#8211; t\u0159. Slun\u00ed\u010dka a Sovi\u010dky &#8211; 1.10., 12.11., 17.12. 2025<\/p>\n\n\n\n<p>29.11.2025 &#8211; Rozsv\u011bcen\u00ed V\u00e1no\u010dn\u00edho stromu v Blatn\u011b &#8211; vystoupen\u00ed t\u0159. Pastelky<\/p>\n\n\n\n<p>24.11.2025 \u2013 Ma\u0148\u00e1skov\u00e9 divadlo \u0160ternberk &#8211; cel\u00e1 M\u0160<\/p>\n\n\n\n<p>20.11.2025 &#8211; Planeta Hlinsko &#8211; lektorovan\u00fd program V\u011bt\u0159e, v\u011bt\u0159\u00ed\u010dku&#8230; &#8211; t\u0159. Ka\u0161p\u00e1rek<\/p>\n\n\n\n<p>11.11.2025 &#8211; N\u00e1v\u0161t\u011bva Z\u0160 Resslova &#8211; t\u0159. Kamar\u00e1di a Sovi\u010dky pouze p\u0159ed\u0161kol\u00e1ci<\/p>\n\n\n\n<p>10.11.2025 &#8211; N\u00e1v\u0161t\u011bva Z\u0160 Resslova &#8211; t\u0159. Pastelky, Slun\u00ed\u010dka<\/p>\n\n\n\n<p>8.11.2025 &#8211; V\u00cdT\u00c1N\u00cd OB\u010c\u00c1NK\u016e na Radnici Hlinska &#8211; vystoupen\u00ed t\u0159. Pastelky<\/p>\n\n\n\n<p>4.11.2025 &#8211;  N\u00e1v\u0161t\u011bva Z\u0160 Smetanova &#8211;  p\u0159ed\u0161kol\u00e1ci ze t\u0159. Pastelky, Slun\u00ed\u010dka, Kamar\u00e1di a Sovi\u010dky <\/p>\n\n\n\n<p>17.10.2025 \u2013 Divadlo &#8222;O Bylance, dobr\u00e9m \u0161t\u011bn\u011bti&#8220; v MFC Hlinsko &#8211; principy ekologick\u00e9ho a enviro chov\u00e1n\u00ed &#8211; t\u0159. Slun\u00ed\u010dko, Pastelky <\/p>\n\n\n\n<p>6.10.2025 \u2013 projektov\u00fd t\u00fdden s DDM Hlinsko ve spolupr\u00e1ci s MAS Hlinecko \u2013 robotika <\/p>\n\n\n\n<p><strong>3. &#8211; 4.10.2025<\/strong> &#8211; <strong>VOLBY \u010cR<\/strong> &#8211; t\u0159. KAMAR\u00c1DI bude slou\u017eit jako volebn\u00ed m\u00edstnost<\/p>\n\n\n\n<p>2.10.2025 &#8211; 9:00 \u2013 9:30 hodin &#8222;T\u00fdden pozn\u00e1n\u00ed Hlinecko&#8220; Prohl\u00eddka radnice &#8211; t\u0159. Slun\u00ed\u010dko <\/p>\n\n\n\n<p>                  9:30 &#8211; 10:00 hodin &#8222;T\u00fdden pozn\u00e1n\u00ed Hlinecko&#8220; Prohl\u00eddka radnice &#8211; t\u0159. Pastelky<\/p>\n\n\n\n<p>30.9.2025- 9:00 do 9:45 hodin &#8222;T\u00fdden pozn\u00e1n\u00ed Hlinecko&#8220; &#8211;  KNIHOVNA \u2013 Poh\u00e1dkov\u00e1n\u00ed &#8211;&nbsp;t\u0159. Sovi\u010dky <\/p>\n\n\n\n<p>               10:30 do 11:15 hodin &#8222;T\u00fdden pozn\u00e1n\u00ed Hlinecko&#8220; &#8211;  KNIHOVNA \u2013 Poh\u00e1dkov\u00e1n\u00ed &#8211;&nbsp;t\u0159. Slun\u00ed\u010dko<\/p>\n\n\n\n<p>                 8:45 hodin &#8222;T\u00fdden pozn\u00e1n\u00ed Hlinecko&#8220; &#8211; H\u00fdb\u00e1nky s&nbsp;M\u00ed\u0161ou \u2013 t\u0159. Pastelky<\/p>\n\n\n\n<p>15.9.2025 \u2013 projektov\u00fd t\u00fdden s DDM Hlinsko ve spolupr\u00e1ci s MAS Hlinecko &#8211; zap\u016fj\u010den\u00ed 3D tisk\u00e1rny<\/p>\n\n\n\n<p>12.9.2025 &#8211; MFC 100 let \u0161ach\u016f -t\u0159. Ka\u0161p\u00e1rek<\/p>\n\n\n\n<p>do 11. z\u00e1\u0159\u00ed -v\u00fdtvarn\u00e1 sout\u011b\u017e na t\u00e9ma &#8222;\u0160achy o\u010dima d\u011bt\u00ed&#8220; &#8211; zapojen\u00e9 t\u0159\u00eddy Ka\u0161p\u00e1rek, Pastelky<\/p>\n\n\n\n<p>NOV\u00dd \u0160KOLN\u00cd ROK je tu, 1.9. se t\u011b\u0161\u00edme na na\u0161e st\u00e1vaj\u00edc\u00ed i nov\u00e9 d\u011bti. Pokud nev\u00edte, do kter\u00e9 t\u0159\u00eddy je Va\u0161e d\u00edt\u011b za\u0159azeno, zjist\u00edte to prvn\u00ed den p\u0159i p\u0159\u00edchodu do M\u0160, kde tento den budou vyv\u011b\u0161eny seznamy d\u011bt\u00ed a n\u00e1pomocn\u00e9 pan\u00ed ukl\u00edze\u010dky. V \u0161atn\u011b zjist\u00edte zna\u010dku, kter\u00e1 Va\u0161e d\u00edt\u011b bude v M\u0160 prov\u00e1zet.<\/p>\n\n\n\n<p>Hezk\u00fd v\u00edkend &#8211; kolektiv M\u0160<\/p>\n\n\n\n<p><strong><span class=\"has-inline-color has-vivid-red-color\">2024\/2025<\/span><\/strong><\/p>\n\n\n\n<p><strong>14.7 &#8211; 10.8.2025 &#8211; M\u0160 UZAV\u0158ENA<\/strong><\/p>\n\n\n\n<p><strong>1.7. do 31.8. 2025 &#8211; PR\u00c1ZDNINOV\u00dd PROVOZ<\/strong><\/p>\n\n\n\n<p>19.6.2025 &#8211; Kouzelnick\u00e9 vystoupen\u00ed &#8222;Pet&#8220; &#8211; v\u0161ichni <\/p>\n\n\n\n<p>12.6.2025 &#8211; V\u00fdlet Exotika B\u00edtovany &#8211; t\u0159. Ka\u0161p\u00e1rek a Pejsek a ko\u010di\u010dka<\/p>\n\n\n\n<p>6.6.2025 &#8211; Profilov\u00fd po\u0159ad TS Ridendo 8.50 hod. &#8211; t\u0159. Slun\u00ed\u010dko, Sovi\u010dky, Ka\u0161p\u00e1rek a Kamar\u00e1di<\/p>\n\n\n\n<p>4.6.2025 &#8211; ZAHRADN\u00cd SLAVNOST s pasov\u00e1n\u00edm p\u0159ed\u0161kol\u00e1k\u016f na \u0161kol\u00e1ky od 16.00 do 18.00 hod.<\/p>\n\n\n\n<p>28.5.2025 &#8211; V\u00fdlet Zem\u011b Kelt\u016f Nasavrky &#8211; t\u0159. Slun\u00ed\u010dka a Sovi\u010dky<\/p>\n\n\n\n<p>27.5.2025 &#8211; V\u00fdlet Babi\u010d\u010din Dvore\u010dek Licibo\u0159ice &#8211; t\u0159. Pastelky a Kamar\u00e1di<\/p>\n\n\n\n<p><strong>6.5.2025 &#8211; Z\u00c1PIS DO MATE\u0158SK\u00c9 \u0160KOLY 9.00 &#8211; 16.00 hod.<\/strong><\/p>\n\n\n\n<p>13.5.2025 &#8211; Ekologick\u00e1 poh\u00e1dka &#8211; Divadlo s radost\u00ed &#8211; cel\u00e1 M\u0160 <\/p>\n\n\n\n<p>24.3.-28.3.2025 &#8211; Projektov\u00fd t\u00fdden &#8211; l\u00edhnut\u00ed ku\u0159\u00e1tek &#8211; cel\u00e1 M\u0160<\/p>\n\n\n\n<p>12.3.2025 &#8211; Loutkov\u00e9 divadlo Hlinsko &#8211; cel\u00e1 M\u0160<\/p>\n\n\n\n<p>14.2.2025 &#8211; LESY \u010cR &#8211; Projektov\u00fd den &#8222;Zv\u00ed\u0159\u00e1tka v lese&#8220; &#8211; t\u0159. Ka\u0161p\u00e1rek, Pejsek a ko\u010di\u010dka<\/p>\n\n\n\n<p>10.2.2025 &#8211; Planeta Hlinsko &#8211; Lektorovan\u00fd program &#8211; t\u0159. Sovi\u010dky<\/p>\n\n\n\n<p>Z\u00c1PIS DO Z\u00e1kladn\u00edch \u0161kol v Hlinsku &#8211; \u010dtvrtek 3.dubna 2025  <\/p>\n\n\n\n<p>29.1.2025 &#8211; od 8.30 hod. Profilov\u00fd po\u0159ad pohybov\u00e9 studio Slun\u00ed\u010dko v MFC &#8211; t\u0159. Sovi\u010dky. Slun\u00ed\u010dko, Kamar\u00e1di a Pastelky<\/p>\n\n\n\n<p>24.1.2025 &#8211; od 9.00 hod. Divadlo &#8222;K\u016eZLE&#8220; &#8211; cel\u00e1 M\u0160<\/p>\n\n\n\n<p>22.1.2025 &#8211; od 8.45 hod. n\u00e1v\u0161t\u011bva v Z\u0160 RESSLOVA, Hlinsko &#8211; t\u0159. Pastelky, Kamar\u00e1di, Slun\u00ed\u010dko<\/p>\n\n\n\n<p>10.1., 17.1., 24.1., 31.1. &#8211; LY\u017dA\u0158SK\u00dd V\u00ddCVIK &#8211; SKI FANATIC &#8211; pro p\u0159ihl\u00e1\u0161en\u00e9<\/p>\n\n\n\n<p>ROK 2024<\/p>\n\n\n\n<p><strong>UZAV\u0158EN\u00cd M\u0160 O V\u00c1NO\u010cN\u00cdCH PR\u00c1ZDNIN\u00c1CH<\/strong> &#8211; se souhlasem veden\u00ed M\u011bsta Hlinsko bude <strong>M\u0160 UZAV\u0158ENA od 23.12.2024 do 3.1.2025 <\/strong><\/p>\n\n\n\n<p>18.12. &#8211; 10-11 hod. M\u011bstsk\u00e9 muzeum a galerie &#8211; Projektov\u00fd v\u00e1no\u010dn\u00ed den &#8211; Pokoj lidem dobr\u00e9 v\u016fle &#8211; t\u0159. SOVI\u010cKY<\/p>\n\n\n\n<p>18.12. &#8211; 9-10 hod. M\u011bstsk\u00e9 muzeum a galerie &#8211; Projektov\u00fd v\u00e1no\u010dn\u00ed den &#8211; Pokoj lidem dobr\u00e9 v\u016fle &#8211; t\u0159. PASTELKY<\/p>\n\n\n\n<p>16.12. &#8211; 9-10 hod. M\u011bstsk\u00e9 muzeum a galerie &#8211; Projektov\u00fd v\u00e1no\u010dn\u00ed den &#8211; Pokoj lidem dobr\u00e9 v\u016fle &#8211; t\u0159. KAMAR\u00c1DI<\/p>\n\n\n\n<p><strong>V\u00c1NO\u010cN\u00cd<\/strong> <strong>BES\u00cdDKY 2024<\/strong><\/p>\n\n\n\n<p>17.12. &#8211; V\u00c1NO\u010cN\u00cd BES\u00cdDKA t\u0159. <strong>PEJSEK A KO\u010cI\u010cKA<\/strong> od 14.30 hod. <\/p>\n\n\n\n<p>12.12. &#8211; V\u00c1NO\u010cN\u00cd BES\u00cdDKA t\u0159. <strong>KAMAR\u00c1DI<\/strong> od 14.45 hod. <\/p>\n\n\n\n<p>12.12. &#8211; V\u00c1NO\u010cN\u00cd BES\u00cdDKA t\u0159. <strong>SLUN\u00cd\u010cKO<\/strong> od 14.30 hod. <\/p>\n\n\n\n<p>11.12. &#8211; V\u00c1NO\u010cN\u00cd BES\u00cdDKA t\u0159. <strong>SOVI\u010cKY<\/strong> od 14.30 hod. <\/p>\n\n\n\n<p>10.12. &#8211; V\u00c1NO\u010cN\u00cd BES\u00cdDKA t\u0159. <strong>PASTELKY<\/strong> od 14.45 hod. <\/p>\n\n\n\n<p>10.12. &#8211; V\u00c1NO\u010cN\u00cd BES\u00cdDKA t\u0159. <strong>KA\u0160P\u00c1REK<\/strong> od 14.20 hod.<\/p>\n\n\n\n<p>6.12. &#8211; \u010certovsk\u00e1 stezka v M\u0160<\/p>\n\n\n\n<p>5.12. &#8211; Mikul\u00e1\u0161sk\u00e1 nad\u00edlka v M\u0160<\/p>\n\n\n\n<p>4.12. &#8211; Divadlo A1 Hlinsko  &#8222;Talisman l\u00e1sky&#8220; &#8211; MFC Hlinsko &#8211; t\u0159. SOVI\u010cKY, PASTELKY A KAMAR\u00c1DI<\/p>\n\n\n\n<p>30.11. &#8211; Od 16.45 hod. Vystoupen\u00ed d\u011bt\u00ed ze t\u0159. KAMAR\u00c1DI u rozsv\u00edcen\u00ed v\u00e1no\u010dn\u00edho stromu v Blatn\u011b s p\u00e1smem p\u00edsn\u00ed a b\u00e1sn\u00ed<\/p>\n\n\n\n<p>28.12. &#8211; N\u00e1v\u0161t\u011bva V\u00e1no\u010dn\u00edho jarmarku Z\u0160 Resslova<\/p>\n\n\n\n<p>21.11.2024 &#8211; Polytechnick\u00e9 d\u00edlny &#8211; projektov\u00fd den t\u0159. SLUN\u00cd\u010cKO<\/p>\n\n\n\n<p>30.10.2024 &#8211; V\u00e1\u017een\u00ed rodi\u010de, na zahrad\u011b na\u0161\u00ed \u0161koly za\u010dala rekonstrukce p\u00edskovi\u0161\u0165. Pros\u00edme, v p\u0159\u00edpad\u011b, \u017ee proch\u00e1z\u00edte zahradou, dbejte zv\u00fd\u0161en\u00e9 opatrnosti nejen nad d\u011btmi. D\u011bkujeme.<\/p>\n\n\n\n<p>7.11.2024 &#8211; V\u00cdT\u00c1ME T\u011a, PODZIME &#8211; \u017eiv\u00e1 hudba &#8211; cel\u00e1 M\u0160<\/p>\n\n\n\n<p>24.10.2024 &#8211; ZAHRADN\u00cd SLAVNOST<\/p>\n\n\n\n<p>17.10.2024 &#8211; t\u0159. Pastelky a t\u0159. Kamar\u00e1di &#8211; Projektov\u00fd den s aplikac\u00ed GLITR &#8211; &#8222;Ve zdrav\u00e9m t\u011ble zdrav\u00fd duch&#8220; a &#8222;Doprava a bezpe\u010dnost&#8220; <\/p>\n\n\n\n<p>26.9.2024 &#8211; t\u0159. Pastelky &#8211; T\u00ddDEN POZN\u00c1N\u00cd HLINECKO &#8211; 9.00-9.30 hod. Prohl\u00eddka jednac\u00edch a slavnostn\u00edch prostor Radnice  <\/p>\n\n\n\n<p>25.9.2024 &#8211; t\u0159. Sovi\u010dky &#8211; T\u00ddDEN POZN\u00c1N\u00cd HLINECKO &#8211; 10.00-10.45 hod. H\u00fdb\u00e1nky ve Slun\u00ed\u010dku <\/p>\n\n\n\n<p>24.9.2024 &#8211; t\u0159. Slun\u00ed\u010dko &#8211; T\u00ddDEN POZN\u00c1N\u00cd HLINECKO &#8211; 9.30-10.30 hod. Upov\u00eddan\u00fd sk\u0159\u00edtek &#8211; logopedick\u00e1 prevence<\/p>\n\n\n\n<p>20.9. a 21.9. VOLBY &#8211; t\u0159. Kamar\u00e1di bude slou\u017eit jako volebn\u00ed m\u00edstnost<\/p>\n\n\n\n<p>24.9. SF\u00c9RA Pardubice &#8211; t\u0159. Kamar\u00e1di a MUZEUM KOUZEL &#8211; t\u0159. Pastelky &#8211; odjezd autobusu 7.45 hod. od M\u0160<\/p>\n\n\n\n<p>13.9. SF\u00c9RA Pardubice &#8211; t\u0159. Pastelky a MUZEUM KOUZEL &#8211; t\u0159. Kamar\u00e1di &#8211; odjezd autobusu 7.45 hod. od M\u0160<\/p>\n\n\n\n<p><\/p>\n","protected":false},"excerpt":{"rendered":"<p>2025\/2026 Pod\u011bkov\u00e1n\u00ed &#8211; Velk\u00e9 pod\u011bkov\u00e1n\u00ed pat\u0159\u00ed panu Vladim\u00edru Kube\u0161ovi za kr\u00e1snou knihu Kr\u00e1lovstv\u00ed d\u011bt\u00ed \u2013 D\u011btsk\u00e9 pokoje sn\u016f, kterou dostaly a dom\u016f si odnesl\\ v\u0161echny d\u011bti z na\u0161\u00ed M\u0160. Velmi si tohoto mil\u00e9ho daru v\u00e1\u017e\u00edme. \ud83d\udc9b JARN\u00cd BES\u00cdDKY 1.t\u0159. Ka\u0161p\u00e1rek \u2013 7. kv\u011btna od 14.20 hod. 2.t\u0159. Pejsek s&nbsp;ko\u010di\u010dka \u2013 13. kv\u011btna od 14.30 hod. [&hellip;]<\/p>\n","protected":false},"author":1,"featured_media":0,"parent":0,"menu_order":0,"comment_status":"closed","ping_status":"closed","template":"","meta":[],"yoast_head":"<!-- This site is optimized with the Yoast SEO plugin v19.4 - https:\/\/yoast.com\/wordpress\/plugins\/seo\/ -->\n<title>Aktuality - msbudovatelu.cz<\/title>\n<meta name=\"description\" content=\"Srde\u010dne v\u00e1s zveme na ZAHRADN\u00cd SLAVNOST\" \/>\n<meta name=\"robots\" content=\"index, follow, max-snippet:-1, max-image-preview:large, max-video-preview:-1\" \/>\n<link rel=\"canonical\" href=\"https:\/\/www.msbudovatelu.cz\/index.php\/aktuality\/\" \/>\n<meta property=\"og:locale\" content=\"cs_CZ\" \/>\n<meta property=\"og:type\" content=\"article\" \/>\n<meta property=\"og:title\" content=\"Aktuality - msbudovatelu.cz\" \/>\n<meta property=\"og:description\" content=\"Srde\u010dne v\u00e1s zveme na ZAHRADN\u00cd SLAVNOST\" \/>\n<meta property=\"og:url\" content=\"https:\/\/www.msbudovatelu.cz\/index.php\/aktuality\/\" \/>\n<meta property=\"og:site_name\" content=\"msbudovatelu.cz\" \/>\n<meta property=\"article:publisher\" content=\"https:\/\/www.facebook.com\/MS.Budovatelu\" \/>\n<meta property=\"article:modified_time\" content=\"2026-04-20T11:56:46+00:00\" \/>\n<meta property=\"og:image\" content=\"https:\/\/www.msbudovatelu.cz\/wp-content\/uploads\/2021\/08\/logoMSBudovatelu.png\" \/>\n\t<meta property=\"og:image:width\" content=\"940\" \/>\n\t<meta property=\"og:image:height\" content=\"941\" \/>\n\t<meta property=\"og:image:type\" content=\"image\/png\" \/>\n<meta name=\"twitter:card\" content=\"summary_large_image\" \/>\n<meta name=\"twitter:label1\" content=\"Odhadovan\u00e1 doba \u010dten\u00ed\" \/>\n\t<meta name=\"twitter:data1\" content=\"7 minut\" \/>\n<script type=\"application\/ld+json\" class=\"yoast-schema-graph\">{\"@context\":\"https:\/\/schema.org\",\"@graph\":[{\"@type\":\"Organization\",\"@id\":\"https:\/\/www.msbudovatelu.cz\/#organization\",\"name\":\"Mate\u0159sk\u00e1 \u0161kola Budovatel\u016f Hlinsko\",\"url\":\"https:\/\/www.msbudovatelu.cz\/\",\"sameAs\":[\"https:\/\/www.facebook.com\/MS.Budovatelu\"],\"logo\":{\"@type\":\"ImageObject\",\"inLanguage\":\"cs\",\"@id\":\"https:\/\/www.msbudovatelu.cz\/#\/schema\/logo\/image\/\",\"url\":\"https:\/\/www.msbudovatelu.cz\/wp-content\/uploads\/2021\/08\/logoMSBudovatelu.png\",\"contentUrl\":\"https:\/\/www.msbudovatelu.cz\/wp-content\/uploads\/2021\/08\/logoMSBudovatelu.png\",\"width\":940,\"height\":941,\"caption\":\"Mate\u0159sk\u00e1 \u0161kola Budovatel\u016f Hlinsko\"},\"image\":{\"@id\":\"https:\/\/www.msbudovatelu.cz\/#\/schema\/logo\/image\/\"}},{\"@type\":\"WebSite\",\"@id\":\"https:\/\/www.msbudovatelu.cz\/#website\",\"url\":\"https:\/\/www.msbudovatelu.cz\/\",\"name\":\"msbudovatelu.cz\",\"description\":\"Web mate\u0159sk\u00e9 \u0161koly budovatel\u016f v Hlinsku\",\"publisher\":{\"@id\":\"https:\/\/www.msbudovatelu.cz\/#organization\"},\"potentialAction\":[{\"@type\":\"SearchAction\",\"target\":{\"@type\":\"EntryPoint\",\"urlTemplate\":\"https:\/\/www.msbudovatelu.cz\/?s={search_term_string}\"},\"query-input\":\"required name=search_term_string\"}],\"inLanguage\":\"cs\"},{\"@type\":\"WebPage\",\"@id\":\"https:\/\/www.msbudovatelu.cz\/index.php\/aktuality\/\",\"url\":\"https:\/\/www.msbudovatelu.cz\/index.php\/aktuality\/\",\"name\":\"Aktuality - msbudovatelu.cz\",\"isPartOf\":{\"@id\":\"https:\/\/www.msbudovatelu.cz\/#website\"},\"datePublished\":\"2024-09-03T12:27:32+00:00\",\"dateModified\":\"2026-04-20T11:56:46+00:00\",\"description\":\"Srde\u010dne v\u00e1s zveme na ZAHRADN\u00cd SLAVNOST\",\"breadcrumb\":{\"@id\":\"https:\/\/www.msbudovatelu.cz\/index.php\/aktuality\/#breadcrumb\"},\"inLanguage\":\"cs\",\"potentialAction\":[{\"@type\":\"ReadAction\",\"target\":[\"https:\/\/www.msbudovatelu.cz\/index.php\/aktuality\/\"]}]},{\"@type\":\"BreadcrumbList\",\"@id\":\"https:\/\/www.msbudovatelu.cz\/index.php\/aktuality\/#breadcrumb\",\"itemListElement\":[{\"@type\":\"ListItem\",\"position\":1,\"name\":\"Dom\u016f\",\"item\":\"https:\/\/www.msbudovatelu.cz\/\"},{\"@type\":\"ListItem\",\"position\":2,\"name\":\"Aktuality\"}]}]}<\/script>\n<!-- \/ Yoast SEO plugin. -->","yoast_head_json":{"title":"Aktuality - msbudovatelu.cz","description":"Srde\u010dne v\u00e1s zveme na ZAHRADN\u00cd SLAVNOST","robots":{"index":"index","follow":"follow","max-snippet":"max-snippet:-1","max-image-preview":"max-image-preview:large","max-video-preview":"max-video-preview:-1"},"canonical":"https:\/\/www.msbudovatelu.cz\/index.php\/aktuality\/","og_locale":"cs_CZ","og_type":"article","og_title":"Aktuality - msbudovatelu.cz","og_description":"Srde\u010dne v\u00e1s zveme na ZAHRADN\u00cd SLAVNOST","og_url":"https:\/\/www.msbudovatelu.cz\/index.php\/aktuality\/","og_site_name":"msbudovatelu.cz","article_publisher":"https:\/\/www.facebook.com\/MS.Budovatelu","article_modified_time":"2026-04-20T11:56:46+00:00","og_image":[{"width":940,"height":941,"url":"https:\/\/www.msbudovatelu.cz\/wp-content\/uploads\/2021\/08\/logoMSBudovatelu.png","type":"image\/png"}],"twitter_card":"summary_large_image","twitter_misc":{"Odhadovan\u00e1 doba \u010dten\u00ed":"7 minut"},"schema":{"@context":"https:\/\/schema.org","@graph":[{"@type":"Organization","@id":"https:\/\/www.msbudovatelu.cz\/#organization","name":"Mate\u0159sk\u00e1 \u0161kola Budovatel\u016f Hlinsko","url":"https:\/\/www.msbudovatelu.cz\/","sameAs":["https:\/\/www.facebook.com\/MS.Budovatelu"],"logo":{"@type":"ImageObject","inLanguage":"cs","@id":"https:\/\/www.msbudovatelu.cz\/#\/schema\/logo\/image\/","url":"https:\/\/www.msbudovatelu.cz\/wp-content\/uploads\/2021\/08\/logoMSBudovatelu.png","contentUrl":"https:\/\/www.msbudovatelu.cz\/wp-content\/uploads\/2021\/08\/logoMSBudovatelu.png","width":940,"height":941,"caption":"Mate\u0159sk\u00e1 \u0161kola Budovatel\u016f Hlinsko"},"image":{"@id":"https:\/\/www.msbudovatelu.cz\/#\/schema\/logo\/image\/"}},{"@type":"WebSite","@id":"https:\/\/www.msbudovatelu.cz\/#website","url":"https:\/\/www.msbudovatelu.cz\/","name":"msbudovatelu.cz","description":"Web mate\u0159sk\u00e9 \u0161koly budovatel\u016f v Hlinsku","publisher":{"@id":"https:\/\/www.msbudovatelu.cz\/#organization"},"potentialAction":[{"@type":"SearchAction","target":{"@type":"EntryPoint","urlTemplate":"https:\/\/www.msbudovatelu.cz\/?s={search_term_string}"},"query-input":"required name=search_term_string"}],"inLanguage":"cs"},{"@type":"WebPage","@id":"https:\/\/www.msbudovatelu.cz\/index.php\/aktuality\/","url":"https:\/\/www.msbudovatelu.cz\/index.php\/aktuality\/","name":"Aktuality - msbudovatelu.cz","isPartOf":{"@id":"https:\/\/www.msbudovatelu.cz\/#website"},"datePublished":"2024-09-03T12:27:32+00:00","dateModified":"2026-04-20T11:56:46+00:00","description":"Srde\u010dne v\u00e1s zveme na ZAHRADN\u00cd SLAVNOST","breadcrumb":{"@id":"https:\/\/www.msbudovatelu.cz\/index.php\/aktuality\/#breadcrumb"},"inLanguage":"cs","potentialAction":[{"@type":"ReadAction","target":["https:\/\/www.msbudovatelu.cz\/index.php\/aktuality\/"]}]},{"@type":"BreadcrumbList","@id":"https:\/\/www.msbudovatelu.cz\/index.php\/aktuality\/#breadcrumb","itemListElement":[{"@type":"ListItem","position":1,"name":"Dom\u016f","item":"https:\/\/www.msbudovatelu.cz\/"},{"@type":"ListItem","position":2,"name":"Aktuality"}]}]}},"_links":{"self":[{"href":"https:\/\/www.msbudovatelu.cz\/index.php\/wp-json\/wp\/v2\/pages\/829"}],"collection":[{"href":"https:\/\/www.msbudovatelu.cz\/index.php\/wp-json\/wp\/v2\/pages"}],"about":[{"href":"https:\/\/www.msbudovatelu.cz\/index.php\/wp-json\/wp\/v2\/types\/page"}],"author":[{"embeddable":true,"href":"https:\/\/www.msbudovatelu.cz\/index.php\/wp-json\/wp\/v2\/users\/1"}],"replies":[{"embeddable":true,"href":"https:\/\/www.msbudovatelu.cz\/index.php\/wp-json\/wp\/v2\/comments?post=829"}],"version-history":[{"count":35,"href":"https:\/\/www.msbudovatelu.cz\/index.php\/wp-json\/wp\/v2\/pages\/829\/revisions"}],"predecessor-version":[{"id":1234,"href":"https:\/\/www.msbudovatelu.cz\/index.php\/wp-json\/wp\/v2\/pages\/829\/revisions\/1234"}],"wp:attachment":[{"href":"https:\/\/www.msbudovatelu.cz\/index.php\/wp-json\/wp\/v2\/media?parent=829"}],"curies":[{"name":"wp","href":"https:\/\/api.w.org\/{rel}","templated":true}]}}